{"id":2024,"date":"2025-10-23T13:48:29","date_gmt":"2025-10-23T11:48:29","guid":{"rendered":"https:\/\/priordei.com\/territorio\/"},"modified":"2025-11-20T08:36:05","modified_gmt":"2025-11-20T07:36:05","slug":"territorio","status":"publish","type":"page","link":"https:\/\/priordei.com\/es\/territorio\/","title":{"rendered":"Territorio"},"content":{"rendered":"\t\t<div data-elementor-type=\"wp-page\" data-elementor-id=\"2024\" class=\"elementor elementor-2024 elementor-969\" data-elementor-post-type=\"page\">\n\t\t\t\t<div class=\"elementor-element elementor-element-0fb499f e-con-full e-flex e-con e-child\" data-id=\"0fb499f\" data-element_type=\"container\" data-e-type=\"container\" data-settings=\"{&quot;background_background&quot;:&quot;video&quot;,&quot;background_video_link&quot;:&quot;https:\\\/\\\/priordei.com\\\/wp-content\\\/uploads\\\/2025\\\/11\\\/video-priordei2.mp4&quot;}\">\n\t\t<div class=\"elementor-background-video-container elementor-hidden-mobile\">\n\t\t\t\t\t\t\t<video class=\"elementor-background-video-hosted\" role=\"presentation\" autoplay muted playsinline loop><\/video>\n\t\t\t\t\t<\/div><div class=\"elementor-element elementor-element-c2e96bf e-con-full e-flex e-con e-child\" data-id=\"c2e96bf\" data-element_type=\"container\" data-e-type=\"container\">\n\t\t\t\t<div class=\"elementor-element elementor-element-43e65f1 elementor-widget__width-initial elementor-widget elementor-widget-heading\" data-id=\"43e65f1\" data-element_type=\"widget\" data-e-type=\"widget\" data-widget_type=\"heading.default\">\n\t\t\t\t<div class=\"elementor-widget-container\">\n\t\t\t\t\t<h1 class=\"elementor-heading-title elementor-size-default\">Saboree el paisaje<\/h1>\t\t\t\t<\/div>\n\t\t\t\t<\/div>\n\t\t\t\t<div class=\"elementor-element elementor-element-e2886ac elementor-widget__width-initial elementor-widget elementor-widget-text-editor\" data-id=\"e2886ac\" data-element_type=\"widget\" data-e-type=\"widget\" data-widget_type=\"text-editor.default\">\n\t\t\t\t<div class=\"elementor-widget-container\">\n\t\t\t\t\t\t\t\t\t<p>Nuestros olivos danzan con el viento que se cuela por la abrupta orograf\u00eda de las comarcas de la Ribera d\u2019Ebre y el Priorat, rodeados por m\u00e1rgenes de piedra construidos por nuestros antepasados. Configurando as\u00ed un paisaje \u00fanico lleno de car\u00e1cter y un territorio que le cautiva y le transporta.<br>Unos lugares donde las emociones y sensaciones se hacen presentes, haci\u00e9ndole sentir vivo y conectado con la fuerza del paisaje. <\/p>\t\t\t\t\t\t\t\t<\/div>\n\t\t\t\t<\/div>\n\t\t\t\t<\/div>\n\t\t\t\t<\/div>\n\t\t<div class=\"elementor-element elementor-element-d5e4ab2 e-flex e-con-boxed e-con e-parent\" data-id=\"d5e4ab2\" data-element_type=\"container\" data-e-type=\"container\" data-settings=\"{&quot;background_background&quot;:&quot;classic&quot;}\">\n\t\t\t\t\t<div class=\"e-con-inner\">\n\t\t<div class=\"elementor-element elementor-element-1ca8b45 e-con-full e-flex e-con e-child\" data-id=\"1ca8b45\" data-element_type=\"container\" data-e-type=\"container\" data-settings=\"{&quot;background_background&quot;:&quot;classic&quot;}\">\n\t\t\t\t<div class=\"elementor-element elementor-element-d1b3f80 elementor-widget elementor-widget-spacer\" data-id=\"d1b3f80\" data-element_type=\"widget\" data-e-type=\"widget\" data-widget_type=\"spacer.default\">\n\t\t\t\t<div class=\"elementor-widget-container\">\n\t\t\t\t\t\t\t<div class=\"elementor-spacer\">\n\t\t\t<div class=\"elementor-spacer-inner\"><\/div>\n\t\t<\/div>\n\t\t\t\t\t\t<\/div>\n\t\t\t\t<\/div>\n\t\t\t\t<\/div>\n\t\t<div class=\"elementor-element elementor-element-c783ff1 e-con-full e-flex e-con e-child\" data-id=\"c783ff1\" data-element_type=\"container\" data-e-type=\"container\">\n\t\t\t\t<div class=\"elementor-element elementor-element-5abca83 elementor-widget elementor-widget-heading\" data-id=\"5abca83\" data-element_type=\"widget\" data-e-type=\"widget\" data-widget_type=\"heading.default\">\n\t\t\t\t<div class=\"elementor-widget-container\">\n\t\t\t\t\t<h2 class=\"elementor-heading-title elementor-size-default\">Excelencia en cada gota<\/h2>\t\t\t\t<\/div>\n\t\t\t\t<\/div>\n\t\t\t\t<div class=\"elementor-element elementor-element-5c6d882 elementor-widget elementor-widget-text-editor\" data-id=\"5c6d882\" data-element_type=\"widget\" data-e-type=\"widget\" data-widget_type=\"text-editor.default\">\n\t\t\t\t<div class=\"elementor-widget-container\">\n\t\t\t\t\t\t\t\t\t<p>Nuestro objetivo es potenciar al m\u00e1ximo las cualidades sensoriales \u00fanicas que nuestra tierra ofrece, un regalo que la naturaleza pone a nuestro alcance. Gracias a una gesti\u00f3n cuidadosa y responsable de los cultivos, a la investigaci\u00f3n cient\u00edfica y las nuevas tecnolog\u00edas, trabajamos constantemente para perfeccionar nuestro aceite <\/p><p>de oliva virgen extra. Queremos que cada gota sea la embajadora del esfuerzo, la dedicaci\u00f3n y las ilusiones que han forjado nuestra historia. <\/p>\t\t\t\t\t\t\t\t<\/div>\n\t\t\t\t<\/div>\n\t\t\t\t<\/div>\n\t\t\t\t\t<\/div>\n\t\t\t\t<\/div>\n\t\t<div class=\"elementor-element elementor-element-4a05bf8 e-flex e-con-boxed e-con e-parent\" data-id=\"4a05bf8\" data-element_type=\"container\" data-e-type=\"container\" data-settings=\"{&quot;background_background&quot;:&quot;classic&quot;}\">\n\t\t\t\t\t<div class=\"e-con-inner\">\n\t\t<div class=\"elementor-element elementor-element-2d09f7a e-con-full e-flex e-con e-child\" data-id=\"2d09f7a\" data-element_type=\"container\" data-e-type=\"container\">\n\t\t<div class=\"elementor-element elementor-element-9d0167b e-con-full e-flex e-con e-child\" data-id=\"9d0167b\" data-element_type=\"container\" data-e-type=\"container\">\n\t\t\t\t<div class=\"elementor-element elementor-element-c66dd15 elementor-widget elementor-widget-heading\" data-id=\"c66dd15\" data-element_type=\"widget\" data-e-type=\"widget\" data-widget_type=\"heading.default\">\n\t\t\t\t<div class=\"elementor-widget-container\">\n\t\t\t\t\t<h2 class=\"elementor-heading-title elementor-size-default\">El alma de nuestra tierra<\/h2>\t\t\t\t<\/div>\n\t\t\t\t<\/div>\n\t\t\t\t<div class=\"elementor-element elementor-element-d1da350 elementor-widget-divider--view-line elementor-widget elementor-widget-divider\" data-id=\"d1da350\" data-element_type=\"widget\" data-e-type=\"widget\" data-widget_type=\"divider.default\">\n\t\t\t\t<div class=\"elementor-widget-container\">\n\t\t\t\t\t\t\t<div class=\"elementor-divider\">\n\t\t\t<span class=\"elementor-divider-separator\">\n\t\t\t\t\t\t<\/span>\n\t\t<\/div>\n\t\t\t\t\t\t<\/div>\n\t\t\t\t<\/div>\n\t\t\t\t<\/div>\n\t\t<div class=\"elementor-element elementor-element-1ea5ddb e-con-full e-flex e-con e-child\" data-id=\"1ea5ddb\" data-element_type=\"container\" data-e-type=\"container\">\n\t\t\t\t<div class=\"elementor-element elementor-element-a93a879 elementor-widget elementor-widget-text-editor\" data-id=\"a93a879\" data-element_type=\"widget\" data-e-type=\"widget\" data-widget_type=\"text-editor.default\">\n\t\t\t\t<div class=\"elementor-widget-container\">\n\t\t\t\t\t\t\t\t\t<p>Nuestros olivos se asientan en terrenos rocosos y en una orograf\u00eda escarpada, en terrazas de piedra seca que ganan terreno al bosque y a la monta\u00f1a.<br>Este paisaje \u00fanico, combinando suelo, clima y altitud, configuran un aceite de oliva virgen extra con car\u00e1cter. Es este entorno excepcional el que da a Priordei su personalidad, transmitiendo la belleza, la fuerza y la esencia del territorio que lo acoge. <\/p>\t\t\t\t\t\t\t\t<\/div>\n\t\t\t\t<\/div>\n\t\t\t\t<\/div>\n\t\t\t\t<\/div>\n\t\t<div class=\"elementor-element elementor-element-4a6cee4 e-con-full e-flex e-con e-child\" data-id=\"4a6cee4\" data-element_type=\"container\" data-e-type=\"container\">\n\t\t<div class=\"elementor-element elementor-element-f819867 e-con-full e-flex e-con e-child\" data-id=\"f819867\" data-element_type=\"container\" data-e-type=\"container\">\n\t\t<div class=\"elementor-element elementor-element-35ceaa4 e-con-full e-flex e-con e-child\" data-id=\"35ceaa4\" data-element_type=\"container\" data-e-type=\"container\">\n\t\t<div class=\"elementor-element elementor-element-afb9b20 e-con-full e-flex e-con e-child\" data-id=\"afb9b20\" data-element_type=\"container\" data-e-type=\"container\" data-settings=\"{&quot;background_background&quot;:&quot;video&quot;,&quot;background_video_link&quot;:&quot;https:\\\/\\\/priordei.com\\\/wp-content\\\/uploads\\\/2025\\\/11\\\/V1-0004_\\ub4dc\\ub86000000000-1-1.mp4&quot;}\">\n\t\t<div class=\"elementor-background-video-container elementor-hidden-mobile\">\n\t\t\t\t\t\t\t<video class=\"elementor-background-video-hosted\" role=\"presentation\" autoplay muted playsinline loop><\/video>\n\t\t\t\t\t<\/div>\t\t<div class=\"elementor-element elementor-element-9e24725 elementor-widget elementor-widget-spacer\" data-id=\"9e24725\" data-element_type=\"widget\" data-e-type=\"widget\" data-widget_type=\"spacer.default\">\n\t\t\t\t<div class=\"elementor-widget-container\">\n\t\t\t\t\t\t\t<div class=\"elementor-spacer\">\n\t\t\t<div class=\"elementor-spacer-inner\"><\/div>\n\t\t<\/div>\n\t\t\t\t\t\t<\/div>\n\t\t\t\t<\/div>\n\t\t\t\t<\/div>\n\t\t\t\t<\/div>\n\t\t\t\t<div class=\"elementor-element elementor-element-c261bdd elementor-widget elementor-widget-heading\" data-id=\"c261bdd\" data-element_type=\"widget\" data-e-type=\"widget\" data-widget_type=\"heading.default\">\n\t\t\t\t<div class=\"elementor-widget-container\">\n\t\t\t\t\t<h2 class=\"elementor-heading-title elementor-size-default\">+200 ha<\/h2>\t\t\t\t<\/div>\n\t\t\t\t<\/div>\n\t\t\t\t<div class=\"elementor-element elementor-element-9ff4981 elementor-widget elementor-widget-text-editor\" data-id=\"9ff4981\" data-element_type=\"widget\" data-e-type=\"widget\" data-widget_type=\"text-editor.default\">\n\t\t\t\t<div class=\"elementor-widget-container\">\n\t\t\t\t\t\t\t\t\t<p>De olivos que dan vida a nuestra esencia<\/p>\t\t\t\t\t\t\t\t<\/div>\n\t\t\t\t<\/div>\n\t\t\t\t<\/div>\n\t\t<div class=\"elementor-element elementor-element-5aeff31 e-con-full e-flex e-con e-child\" data-id=\"5aeff31\" data-element_type=\"container\" data-e-type=\"container\">\n\t\t<div class=\"elementor-element elementor-element-6edb12d e-con-full e-flex e-con e-child\" data-id=\"6edb12d\" data-element_type=\"container\" data-e-type=\"container\" data-settings=\"{&quot;background_background&quot;:&quot;classic&quot;}\">\n\t\t\t\t<div class=\"elementor-element elementor-element-aee5311 elementor-widget elementor-widget-spacer\" data-id=\"aee5311\" data-element_type=\"widget\" data-e-type=\"widget\" data-widget_type=\"spacer.default\">\n\t\t\t\t<div class=\"elementor-widget-container\">\n\t\t\t\t\t\t\t<div class=\"elementor-spacer\">\n\t\t\t<div class=\"elementor-spacer-inner\"><\/div>\n\t\t<\/div>\n\t\t\t\t\t\t<\/div>\n\t\t\t\t<\/div>\n\t\t\t\t<\/div>\n\t\t\t\t<\/div>\n\t\t\t\t<\/div>\n\t\t\t\t\t<\/div>\n\t\t\t\t<\/div>\n\t\t<div class=\"elementor-element elementor-element-29a8e77 e-flex e-con-boxed e-con e-parent\" data-id=\"29a8e77\" data-element_type=\"container\" data-e-type=\"container\">\n\t\t\t\t\t<div class=\"e-con-inner\">\n\t\t<div class=\"elementor-element elementor-element-5684127 e-con-full e-flex e-con e-child\" data-id=\"5684127\" data-element_type=\"container\" data-e-type=\"container\">\n\t\t<div class=\"elementor-element elementor-element-3d349e8 e-con-full e-flex e-con e-child\" data-id=\"3d349e8\" data-element_type=\"container\" data-e-type=\"container\" data-settings=\"{&quot;background_background&quot;:&quot;classic&quot;}\">\n\t\t\t\t<div class=\"elementor-element elementor-element-6674ee1 elementor-widget elementor-widget-spacer\" data-id=\"6674ee1\" data-element_type=\"widget\" data-e-type=\"widget\" data-widget_type=\"spacer.default\">\n\t\t\t\t<div class=\"elementor-widget-container\">\n\t\t\t\t\t\t\t<div class=\"elementor-spacer\">\n\t\t\t<div class=\"elementor-spacer-inner\"><\/div>\n\t\t<\/div>\n\t\t\t\t\t\t<\/div>\n\t\t\t\t<\/div>\n\t\t\t\t<\/div>\n\t\t<div class=\"elementor-element elementor-element-72cc4a5 e-con-full e-flex e-con e-child\" data-id=\"72cc4a5\" data-element_type=\"container\" data-e-type=\"container\">\n\t\t<div class=\"elementor-element elementor-element-9a4ba51 e-con-full e-flex e-con e-child\" data-id=\"9a4ba51\" data-element_type=\"container\" data-e-type=\"container\">\n\t\t\t\t<div class=\"elementor-element elementor-element-68e1790 elementor-widget__width-inherit elementor-widget elementor-widget-heading\" data-id=\"68e1790\" data-element_type=\"widget\" data-e-type=\"widget\" data-widget_type=\"heading.default\">\n\t\t\t\t<div class=\"elementor-widget-container\">\n\t\t\t\t\t<h2 class=\"elementor-heading-title elementor-size-default\">Nuestras variedades: <br>Rojal y Arbequina<\/h2>\t\t\t\t<\/div>\n\t\t\t\t<\/div>\n\t\t\t\t<div class=\"elementor-element elementor-element-1cdd77d elementor-widget-divider--view-line elementor-widget elementor-widget-divider\" data-id=\"1cdd77d\" data-element_type=\"widget\" data-e-type=\"widget\" data-widget_type=\"divider.default\">\n\t\t\t\t<div class=\"elementor-widget-container\">\n\t\t\t\t\t\t\t<div class=\"elementor-divider\">\n\t\t\t<span class=\"elementor-divider-separator\">\n\t\t\t\t\t\t<\/span>\n\t\t<\/div>\n\t\t\t\t\t\t<\/div>\n\t\t\t\t<\/div>\n\t\t\t\t<\/div>\n\t\t<div class=\"elementor-element elementor-element-987f9bd e-con-full e-flex e-con e-child\" data-id=\"987f9bd\" data-element_type=\"container\" data-e-type=\"container\">\n\t\t\t\t<div class=\"elementor-element elementor-element-ad2d3c5 elementor-widget elementor-widget-text-editor\" data-id=\"ad2d3c5\" data-element_type=\"widget\" data-e-type=\"widget\" data-widget_type=\"text-editor.default\">\n\t\t\t\t<div class=\"elementor-widget-container\">\n\t\t\t\t\t\t\t\t\t<p><span style=\"font-weight: 400;\">En Priordei creemos que el aceite es la voz del territorio y el reflejo de nuestro legado. <\/span><\/p><p><b>Rojal <\/b><\/p><p><span style=\"font-weight: 400;\">Nuestro aceite de oliva Rojal es un homenaje a las ra\u00edces y la singularidad. Esta variedad aut\u00f3ctona, \u00fanica y casi desaparecida, con solo 300 hect\u00e1reas en el mundo, nos habla de la historia y la identidad de nuestro territorio.  <\/span><\/p><p><b>Arbequina <\/b><\/p><p><span style=\"font-weight: 400;\">Nuestra Arbequina es la b\u00fasqueda de la perfecci\u00f3n a lo largo de los siglos. Fresca, equilibrada y vers\u00e1til, acompa\u00f1a cada plato transportando el sabor de nuestro territorio con elegancia y armon\u00eda.  <\/span><\/p><p><span style=\"font-weight: 400;\">Rojal y Arbequina son mucho m\u00e1s que variedades, son la historia, el legado y la pasi\u00f3n de nuestro territorio. <\/span><\/p>\t\t\t\t\t\t\t\t<\/div>\n\t\t\t\t<\/div>\n\t\t\t\t<\/div>\n\t\t\t\t<\/div>\n\t\t\t\t<\/div>\n\t\t\t\t\t<\/div>\n\t\t\t\t<\/div>\n\t\t\t\t<\/div>\n\t\t","protected":false},"excerpt":{"rendered":"<p>Saboree el paisaje Nuestros olivos danzan con el viento que se cuela por la abrupta orograf\u00eda de las comarcas de la Ribera d\u2019Ebre y el Priorat, rodeados por m\u00e1rgenes de piedra construidos por nuestros antepasados. Configurando as\u00ed un paisaje \u00fanico lleno de car\u00e1cter y un territorio que le cautiva y le transporta.Unos lugares donde las [&hellip;]<\/p>\n","protected":false},"author":3,"featured_media":0,"parent":0,"menu_order":0,"comment_status":"closed","ping_status":"closed","template":"","meta":{"_acf_changed":false,"inline_featured_image":false,"footnotes":""},"class_list":["post-2024","page","type-page","status-publish","hentry"],"acf":[],"yoast_head":"<!-- This site is optimized with the Yoast SEO plugin v27.4 - https:\/\/yoast.com\/product\/yoast-seo-wordpress\/ -->\n<title>\u25b7Territorio - \u3010 PRIORDEI \u3011<\/title>\n<meta name=\"description\" content=\"Saboree el paisaje Nuestros olivos danzan con el viento que se cuela por la abrupta orograf\u00eda de las comarcas de la Ribera d&#039;Ebre y el Priorat, rodeados \u2713\" \/>\n<meta name=\"robots\" content=\"index, follow, max-snippet:-1, max-image-preview:large, max-video-preview:-1\" \/>\n<link rel=\"canonical\" href=\"https:\/\/priordei.com\/es\/territorio\/\" \/>\n<meta property=\"og:locale\" content=\"es_ES\" \/>\n<meta property=\"og:type\" content=\"article\" \/>\n<meta property=\"og:title\" content=\"\u25b7Territorio - \u3010 PRIORDEI \u3011\" \/>\n<meta property=\"og:description\" content=\"Saboree el paisaje Nuestros olivos danzan con el viento que se cuela por la abrupta orograf\u00eda de las comarcas de la Ribera d&#039;Ebre y el Priorat, rodeados \u2713\" \/>\n<meta property=\"og:url\" content=\"https:\/\/priordei.com\/es\/territorio\/\" \/>\n<meta property=\"og:site_name\" content=\"PRIORDEI\" \/>\n<meta property=\"article:modified_time\" content=\"2025-11-20T07:36:05+00:00\" \/>\n<meta name=\"twitter:card\" content=\"summary_large_image\" \/>\n<meta name=\"twitter:label1\" content=\"Tiempo de lectura\" \/>\n\t<meta name=\"twitter:data1\" content=\"2 minutos\" \/>\n<script type=\"application\/ld+json\" class=\"yoast-schema-graph\">{\"@context\":\"https:\\\/\\\/schema.org\",\"@graph\":[{\"@type\":\"WebPage\",\"@id\":\"https:\\\/\\\/priordei.com\\\/es\\\/territorio\\\/\",\"url\":\"https:\\\/\\\/priordei.com\\\/es\\\/territorio\\\/\",\"name\":\"\u25b7Territorio - \u3010 PRIORDEI \u3011\",\"isPartOf\":{\"@id\":\"https:\\\/\\\/priordei.com\\\/es\\\/#website\"},\"datePublished\":\"2025-10-23T11:48:29+00:00\",\"dateModified\":\"2025-11-20T07:36:05+00:00\",\"description\":\"Saboree el paisaje Nuestros olivos danzan con el viento que se cuela por la abrupta orograf\u00eda de las comarcas de la Ribera d'Ebre y el Priorat, rodeados \u2713\",\"breadcrumb\":{\"@id\":\"https:\\\/\\\/priordei.com\\\/es\\\/territorio\\\/#breadcrumb\"},\"inLanguage\":\"es\",\"potentialAction\":[{\"@type\":\"ReadAction\",\"target\":[\"https:\\\/\\\/priordei.com\\\/es\\\/territorio\\\/\"]}]},{\"@type\":\"BreadcrumbList\",\"@id\":\"https:\\\/\\\/priordei.com\\\/es\\\/territorio\\\/#breadcrumb\",\"itemListElement\":[{\"@type\":\"ListItem\",\"position\":1,\"name\":\"Portada\",\"item\":\"https:\\\/\\\/priordei.com\\\/es\\\/inicio\\\/\"},{\"@type\":\"ListItem\",\"position\":2,\"name\":\"Territorio\"}]},{\"@type\":\"WebSite\",\"@id\":\"https:\\\/\\\/priordei.com\\\/es\\\/#website\",\"url\":\"https:\\\/\\\/priordei.com\\\/es\\\/\",\"name\":\"PRIORDEI\",\"description\":\"Olis d&#039;oliva des de 1789\",\"publisher\":{\"@id\":\"https:\\\/\\\/priordei.com\\\/es\\\/#organization\"},\"potentialAction\":[{\"@type\":\"SearchAction\",\"target\":{\"@type\":\"EntryPoint\",\"urlTemplate\":\"https:\\\/\\\/priordei.com\\\/es\\\/?s={search_term_string}\"},\"query-input\":{\"@type\":\"PropertyValueSpecification\",\"valueRequired\":true,\"valueName\":\"search_term_string\"}}],\"inLanguage\":\"es\"},{\"@type\":\"Organization\",\"@id\":\"https:\\\/\\\/priordei.com\\\/es\\\/#organization\",\"name\":\"PRIORDEI\",\"url\":\"https:\\\/\\\/priordei.com\\\/es\\\/\",\"logo\":{\"@type\":\"ImageObject\",\"inLanguage\":\"es\",\"@id\":\"https:\\\/\\\/priordei.com\\\/es\\\/#\\\/schema\\\/logo\\\/image\\\/\",\"url\":\"https:\\\/\\\/priordei.com\\\/wp-content\\\/uploads\\\/2021\\\/10\\\/logo-priordei_blanco-1.png\",\"contentUrl\":\"https:\\\/\\\/priordei.com\\\/wp-content\\\/uploads\\\/2021\\\/10\\\/logo-priordei_blanco-1.png\",\"width\":181,\"height\":60,\"caption\":\"PRIORDEI\"},\"image\":{\"@id\":\"https:\\\/\\\/priordei.com\\\/es\\\/#\\\/schema\\\/logo\\\/image\\\/\"}}]}<\/script>\n<!-- \/ Yoast SEO plugin. -->","yoast_head_json":{"title":"\u25b7Territorio - \u3010 PRIORDEI \u3011","description":"Saboree el paisaje Nuestros olivos danzan con el viento que se cuela por la abrupta orograf\u00eda de las comarcas de la Ribera d'Ebre y el Priorat, rodeados \u2713","robots":{"index":"index","follow":"follow","max-snippet":"max-snippet:-1","max-image-preview":"max-image-preview:large","max-video-preview":"max-video-preview:-1"},"canonical":"https:\/\/priordei.com\/es\/territorio\/","og_locale":"es_ES","og_type":"article","og_title":"\u25b7Territorio - \u3010 PRIORDEI \u3011","og_description":"Saboree el paisaje Nuestros olivos danzan con el viento que se cuela por la abrupta orograf\u00eda de las comarcas de la Ribera d'Ebre y el Priorat, rodeados \u2713","og_url":"https:\/\/priordei.com\/es\/territorio\/","og_site_name":"PRIORDEI","article_modified_time":"2025-11-20T07:36:05+00:00","twitter_card":"summary_large_image","twitter_misc":{"Tiempo de lectura":"2 minutos"},"schema":{"@context":"https:\/\/schema.org","@graph":[{"@type":"WebPage","@id":"https:\/\/priordei.com\/es\/territorio\/","url":"https:\/\/priordei.com\/es\/territorio\/","name":"\u25b7Territorio - \u3010 PRIORDEI \u3011","isPartOf":{"@id":"https:\/\/priordei.com\/es\/#website"},"datePublished":"2025-10-23T11:48:29+00:00","dateModified":"2025-11-20T07:36:05+00:00","description":"Saboree el paisaje Nuestros olivos danzan con el viento que se cuela por la abrupta orograf\u00eda de las comarcas de la Ribera d'Ebre y el Priorat, rodeados \u2713","breadcrumb":{"@id":"https:\/\/priordei.com\/es\/territorio\/#breadcrumb"},"inLanguage":"es","potentialAction":[{"@type":"ReadAction","target":["https:\/\/priordei.com\/es\/territorio\/"]}]},{"@type":"BreadcrumbList","@id":"https:\/\/priordei.com\/es\/territorio\/#breadcrumb","itemListElement":[{"@type":"ListItem","position":1,"name":"Portada","item":"https:\/\/priordei.com\/es\/inicio\/"},{"@type":"ListItem","position":2,"name":"Territorio"}]},{"@type":"WebSite","@id":"https:\/\/priordei.com\/es\/#website","url":"https:\/\/priordei.com\/es\/","name":"PRIORDEI","description":"Olis d&#039;oliva des de 1789","publisher":{"@id":"https:\/\/priordei.com\/es\/#organization"},"potentialAction":[{"@type":"SearchAction","target":{"@type":"EntryPoint","urlTemplate":"https:\/\/priordei.com\/es\/?s={search_term_string}"},"query-input":{"@type":"PropertyValueSpecification","valueRequired":true,"valueName":"search_term_string"}}],"inLanguage":"es"},{"@type":"Organization","@id":"https:\/\/priordei.com\/es\/#organization","name":"PRIORDEI","url":"https:\/\/priordei.com\/es\/","logo":{"@type":"ImageObject","inLanguage":"es","@id":"https:\/\/priordei.com\/es\/#\/schema\/logo\/image\/","url":"https:\/\/priordei.com\/wp-content\/uploads\/2021\/10\/logo-priordei_blanco-1.png","contentUrl":"https:\/\/priordei.com\/wp-content\/uploads\/2021\/10\/logo-priordei_blanco-1.png","width":181,"height":60,"caption":"PRIORDEI"},"image":{"@id":"https:\/\/priordei.com\/es\/#\/schema\/logo\/image\/"}}]}},"_links":{"self":[{"href":"https:\/\/priordei.com\/es\/wp-json\/wp\/v2\/pages\/2024","targetHints":{"allow":["GET"]}}],"collection":[{"href":"https:\/\/priordei.com\/es\/wp-json\/wp\/v2\/pages"}],"about":[{"href":"https:\/\/priordei.com\/es\/wp-json\/wp\/v2\/types\/page"}],"author":[{"embeddable":true,"href":"https:\/\/priordei.com\/es\/wp-json\/wp\/v2\/users\/3"}],"replies":[{"embeddable":true,"href":"https:\/\/priordei.com\/es\/wp-json\/wp\/v2\/comments?post=2024"}],"version-history":[{"count":1,"href":"https:\/\/priordei.com\/es\/wp-json\/wp\/v2\/pages\/2024\/revisions"}],"predecessor-version":[{"id":2038,"href":"https:\/\/priordei.com\/es\/wp-json\/wp\/v2\/pages\/2024\/revisions\/2038"}],"wp:attachment":[{"href":"https:\/\/priordei.com\/es\/wp-json\/wp\/v2\/media?parent=2024"}],"curies":[{"name":"wp","href":"https:\/\/api.w.org\/{rel}","templated":true}]}}