{"id":2003,"date":"2025-10-23T13:49:29","date_gmt":"2025-10-23T11:49:29","guid":{"rendered":"https:\/\/priordei.com\/espacio-priordei\/"},"modified":"2025-11-20T08:27:42","modified_gmt":"2025-11-20T07:27:42","slug":"espacio-priordei","status":"publish","type":"page","link":"https:\/\/priordei.com\/es\/espacio-priordei\/","title":{"rendered":"Espacio Priordei"},"content":{"rendered":"\t\t<div data-elementor-type=\"wp-page\" data-elementor-id=\"2003\" class=\"elementor elementor-2003 elementor-985\" data-elementor-post-type=\"page\">\n\t\t\t\t<div class=\"elementor-element elementor-element-b01a274 e-flex e-con-boxed e-con e-parent\" data-id=\"b01a274\" data-element_type=\"container\" data-e-type=\"container\" data-settings=\"{&quot;background_background&quot;:&quot;classic&quot;}\">\n\t\t\t\t\t<div class=\"e-con-inner\">\n\t\t<div class=\"elementor-element elementor-element-6ddd75e e-con-full e-flex e-con e-child\" data-id=\"6ddd75e\" data-element_type=\"container\" data-e-type=\"container\">\n\t\t<div class=\"elementor-element elementor-element-088fcba e-con-full e-flex e-con e-child\" data-id=\"088fcba\" data-element_type=\"container\" data-e-type=\"container\">\n\t\t\t\t<div class=\"elementor-element elementor-element-184ca2f elementor-widget elementor-widget-heading\" data-id=\"184ca2f\" data-element_type=\"widget\" data-e-type=\"widget\" data-widget_type=\"heading.default\">\n\t\t\t\t<div class=\"elementor-widget-container\">\n\t\t\t\t\t<h1 class=\"elementor-heading-title elementor-size-default\">Ad\u00e9ntrese en un viaje exclusivo a trav\u00e9s de los sentidos y sabores \u00fanicos.<\/h1>\t\t\t\t<\/div>\n\t\t\t\t<\/div>\n\t\t\t\t<div class=\"elementor-element elementor-element-b30b614 elementor-widget-divider--view-line elementor-widget elementor-widget-divider\" data-id=\"b30b614\" data-element_type=\"widget\" data-e-type=\"widget\" data-widget_type=\"divider.default\">\n\t\t\t\t<div class=\"elementor-widget-container\">\n\t\t\t\t\t\t\t<div class=\"elementor-divider\">\n\t\t\t<span class=\"elementor-divider-separator\">\n\t\t\t\t\t\t<\/span>\n\t\t<\/div>\n\t\t\t\t\t\t<\/div>\n\t\t\t\t<\/div>\n\t\t\t\t<\/div>\n\t\t<div class=\"elementor-element elementor-element-c6a798d e-con-full elementor-hidden-tablet elementor-hidden-mobile e-flex e-con e-child\" data-id=\"c6a798d\" data-element_type=\"container\" data-e-type=\"container\">\n\t\t\t\t<\/div>\n\t\t\t\t<\/div>\n\t\t<div class=\"elementor-element elementor-element-9f41504 e-con-full e-flex e-con e-child\" data-id=\"9f41504\" data-element_type=\"container\" data-e-type=\"container\">\n\t\t<div class=\"elementor-element elementor-element-3f1f4fb e-con-full e-flex e-con e-child\" data-id=\"3f1f4fb\" data-element_type=\"container\" data-e-type=\"container\" data-settings=\"{&quot;background_background&quot;:&quot;classic&quot;}\">\n\t\t\t\t<div class=\"elementor-element elementor-element-e49ed8d elementor-widget elementor-widget-image\" data-id=\"e49ed8d\" data-element_type=\"widget\" data-e-type=\"widget\" data-widget_type=\"image.default\">\n\t\t\t\t<div class=\"elementor-widget-container\">\n\t\t\t\t\t\t\t\t\t\t\t\t\t\t\t<img fetchpriority=\"high\" decoding=\"async\" width=\"800\" height=\"534\" src=\"https:\/\/priordei.com\/wp-content\/uploads\/2025\/11\/e9bcbbd7ff1939b47513000e817de7e23fe543d6-1024x684.jpg\" class=\"attachment-large size-large wp-image-2005\" alt=\"\" srcset=\"https:\/\/priordei.com\/wp-content\/uploads\/2025\/11\/e9bcbbd7ff1939b47513000e817de7e23fe543d6-1024x684.jpg 1024w, https:\/\/priordei.com\/wp-content\/uploads\/2025\/11\/e9bcbbd7ff1939b47513000e817de7e23fe543d6-300x200.jpg 300w, https:\/\/priordei.com\/wp-content\/uploads\/2025\/11\/e9bcbbd7ff1939b47513000e817de7e23fe543d6-768x513.jpg 768w, https:\/\/priordei.com\/wp-content\/uploads\/2025\/11\/e9bcbbd7ff1939b47513000e817de7e23fe543d6-180x120.jpg 180w, https:\/\/priordei.com\/wp-content\/uploads\/2025\/11\/e9bcbbd7ff1939b47513000e817de7e23fe543d6-360x240.jpg 360w, https:\/\/priordei.com\/wp-content\/uploads\/2025\/11\/e9bcbbd7ff1939b47513000e817de7e23fe543d6-640x427.jpg 640w, https:\/\/priordei.com\/wp-content\/uploads\/2025\/11\/e9bcbbd7ff1939b47513000e817de7e23fe543d6-600x401.jpg 600w, https:\/\/priordei.com\/wp-content\/uploads\/2025\/11\/e9bcbbd7ff1939b47513000e817de7e23fe543d6.jpg 1084w\" sizes=\"(max-width: 800px) 100vw, 800px\" \/>\t\t\t\t\t\t\t\t\t\t\t\t\t\t\t<\/div>\n\t\t\t\t<\/div>\n\t\t\t\t<div class=\"elementor-element elementor-element-9c6bbb9 elementor-widget__width-initial elementor-widget elementor-widget-heading\" data-id=\"9c6bbb9\" data-element_type=\"widget\" data-e-type=\"widget\" data-widget_type=\"heading.default\">\n\t\t\t\t<div class=\"elementor-widget-container\">\n\t\t\t\t\t<h2 class=\"elementor-heading-title elementor-size-default\">Cata de aceite Priordei<\/h2>\t\t\t\t<\/div>\n\t\t\t\t<\/div>\n\t\t\t\t<div class=\"elementor-element elementor-element-90a6a38 elementor-align-center elementor-widget elementor-widget-button\" data-id=\"90a6a38\" data-element_type=\"widget\" data-e-type=\"widget\" data-widget_type=\"button.default\">\n\t\t\t\t<div class=\"elementor-widget-container\">\n\t\t\t\t\t\t\t\t\t<div class=\"elementor-button-wrapper\">\n\t\t\t\t\t<a class=\"elementor-button elementor-button-link elementor-size-sm\" href=\"https:\/\/priordei.com\/es\/cata-de-aceite\/\">\n\t\t\t\t\t\t<span class=\"elementor-button-content-wrapper\">\n\t\t\t\t\t\t\t\t\t<span class=\"elementor-button-text\">realizar una cata<\/span>\n\t\t\t\t\t<\/span>\n\t\t\t\t\t<\/a>\n\t\t\t\t<\/div>\n\t\t\t\t\t\t\t\t<\/div>\n\t\t\t\t<\/div>\n\t\t\t\t<\/div>\n\t\t<div class=\"elementor-element elementor-element-ad5fbb3 e-con-full e-flex e-con e-child\" data-id=\"ad5fbb3\" data-element_type=\"container\" data-e-type=\"container\" data-settings=\"{&quot;background_background&quot;:&quot;classic&quot;}\">\n\t\t\t\t<div class=\"elementor-element elementor-element-0ae1355 elementor-widget elementor-widget-image\" data-id=\"0ae1355\" data-element_type=\"widget\" data-e-type=\"widget\" data-widget_type=\"image.default\">\n\t\t\t\t<div class=\"elementor-widget-container\">\n\t\t\t\t\t\t\t\t\t\t\t\t\t\t\t<img decoding=\"async\" width=\"800\" height=\"534\" src=\"https:\/\/priordei.com\/wp-content\/uploads\/2025\/11\/bfba482ba2235fe804eb8af07e4d51ddc7d7a5a6-1024x684.jpg\" class=\"attachment-large size-large wp-image-2004\" alt=\"\" srcset=\"https:\/\/priordei.com\/wp-content\/uploads\/2025\/11\/bfba482ba2235fe804eb8af07e4d51ddc7d7a5a6-1024x684.jpg 1024w, https:\/\/priordei.com\/wp-content\/uploads\/2025\/11\/bfba482ba2235fe804eb8af07e4d51ddc7d7a5a6-300x200.jpg 300w, https:\/\/priordei.com\/wp-content\/uploads\/2025\/11\/bfba482ba2235fe804eb8af07e4d51ddc7d7a5a6-768x513.jpg 768w, https:\/\/priordei.com\/wp-content\/uploads\/2025\/11\/bfba482ba2235fe804eb8af07e4d51ddc7d7a5a6-180x120.jpg 180w, https:\/\/priordei.com\/wp-content\/uploads\/2025\/11\/bfba482ba2235fe804eb8af07e4d51ddc7d7a5a6-360x240.jpg 360w, https:\/\/priordei.com\/wp-content\/uploads\/2025\/11\/bfba482ba2235fe804eb8af07e4d51ddc7d7a5a6-640x427.jpg 640w, https:\/\/priordei.com\/wp-content\/uploads\/2025\/11\/bfba482ba2235fe804eb8af07e4d51ddc7d7a5a6-600x401.jpg 600w, https:\/\/priordei.com\/wp-content\/uploads\/2025\/11\/bfba482ba2235fe804eb8af07e4d51ddc7d7a5a6.jpg 1084w\" sizes=\"(max-width: 800px) 100vw, 800px\" \/>\t\t\t\t\t\t\t\t\t\t\t\t\t\t\t<\/div>\n\t\t\t\t<\/div>\n\t\t\t\t<div class=\"elementor-element elementor-element-90fbe66 elementor-widget__width-initial elementor-widget elementor-widget-heading\" data-id=\"90fbe66\" data-element_type=\"widget\" data-e-type=\"widget\" data-widget_type=\"heading.default\">\n\t\t\t\t<div class=\"elementor-widget-container\">\n\t\t\t\t\t<h2 class=\"elementor-heading-title elementor-size-default\">Desayuno mediterr\u00e1neo + Cata de aceite Priordei<\/h2>\t\t\t\t<\/div>\n\t\t\t\t<\/div>\n\t\t\t\t<div class=\"elementor-element elementor-element-b2c03c5 elementor-align-center elementor-widget elementor-widget-button\" data-id=\"b2c03c5\" data-element_type=\"widget\" data-e-type=\"widget\" data-widget_type=\"button.default\">\n\t\t\t\t<div class=\"elementor-widget-container\">\n\t\t\t\t\t\t\t\t\t<div class=\"elementor-button-wrapper\">\n\t\t\t\t\t<a class=\"elementor-button elementor-button-link elementor-size-sm\" href=\"https:\/\/priordei.com\/es\/desayuno-mediterraneo-y-cata-de-aceite\/\">\n\t\t\t\t\t\t<span class=\"elementor-button-content-wrapper\">\n\t\t\t\t\t\t\t\t\t<span class=\"elementor-button-text\">viva la experiencia<\/span>\n\t\t\t\t\t<\/span>\n\t\t\t\t\t<\/a>\n\t\t\t\t<\/div>\n\t\t\t\t\t\t\t\t<\/div>\n\t\t\t\t<\/div>\n\t\t\t\t<\/div>\n\t\t\t\t<\/div>\n\t\t\t\t\t<\/div>\n\t\t\t\t<\/div>\n\t\t<div class=\"elementor-element elementor-element-fe2b18a e-flex e-con-boxed e-con e-parent\" data-id=\"fe2b18a\" data-element_type=\"container\" data-e-type=\"container\">\n\t\t\t\t\t<div class=\"e-con-inner\">\n\t\t\t\t<div class=\"elementor-element elementor-element-533aa71 elementor-widget elementor-widget-heading\" data-id=\"533aa71\" data-element_type=\"widget\" data-e-type=\"widget\" data-widget_type=\"heading.default\">\n\t\t\t\t<div class=\"elementor-widget-container\">\n\t\t\t\t\t<h2 class=\"elementor-heading-title elementor-size-default\">Descubra el alma de nuestra tierra - <br>Espacio Priordei:  <\/h2>\t\t\t\t<\/div>\n\t\t\t\t<\/div>\n\t\t\t\t<div class=\"elementor-element elementor-element-8d52b24 elementor-widget elementor-widget-text-editor\" data-id=\"8d52b24\" data-element_type=\"widget\" data-e-type=\"widget\" data-widget_type=\"text-editor.default\">\n\t\t\t\t<div class=\"elementor-widget-container\">\n\t\t\t\t\t\t\t\t\t<p>En el Espacio PRIORDEI, el aceite de oliva virgen extra no es solo un producto, sino el eje central y el protagonista de todas nuestras experiencias. Cada experiencia est\u00e1 concebida como una vivencia completa donde el visitante se involucra activamente a trav\u00e9s de los cinco sentidos.   <br>Desde caminar entre olivos, tocar la tierra y observar el paisaje mediterr\u00e1neo, hasta oler y saborear los matices del aceite en catas guiadas, nuestras actividades buscan crear una conexi\u00f3n emocional y sensorial con el mundo del AOVE. Nuestro objetivo es que el visitante no solo disfrute del aceite, sino que comprenda el proceso de elaboraci\u00f3n, la vinculaci\u00f3n hist\u00f3rica con el territorio y la importancia en la salud y la gastronom\u00eda. El olivar, como paisaje productivo y cultural, act\u00faa como marco natural en el que desarrollamos todas nuestras propuestas, convirtiendo el conocimiento del mundo ole\u00edcola en una experiencia vivencial e inolvidable.  <\/p><p>Nuestro entorno natural, integrado en el paisaje del olivar y rodeado de flora mediterr\u00e1nea, proporciona el escenario ideal para desarrollar experiencias \u00fanicas, tanto profesionales como personales, en un ambiente de tranquilidad y conexi\u00f3n con la naturaleza.  <br>Cada propuesta se dise\u00f1a a medida, valorando el territorio y la esencia de PRIORDEI a partir de un modelo que busca renovar el oleoturismo desde la emoci\u00f3n, la calidad y la conexi\u00f3n real con el territorio y su gente.<\/p>\t\t\t\t\t\t\t\t<\/div>\n\t\t\t\t<\/div>\n\t\t\t\t\t<\/div>\n\t\t\t\t<\/div>\n\t\t<div class=\"elementor-element elementor-element-a36d302 e-flex e-con-boxed e-con e-parent\" data-id=\"a36d302\" data-element_type=\"container\" data-e-type=\"container\" data-settings=\"{&quot;background_background&quot;:&quot;classic&quot;}\">\n\t\t\t\t\t<div class=\"e-con-inner\">\n\t\t<div class=\"elementor-element elementor-element-171c194 e-con-full e-flex e-con e-child\" data-id=\"171c194\" data-element_type=\"container\" data-e-type=\"container\" data-settings=\"{&quot;background_background&quot;:&quot;classic&quot;}\">\n\t\t\t\t<div class=\"elementor-element elementor-element-cc8dd5c elementor-widget elementor-widget-spacer\" data-id=\"cc8dd5c\" data-element_type=\"widget\" data-e-type=\"widget\" data-widget_type=\"spacer.default\">\n\t\t\t\t<div class=\"elementor-widget-container\">\n\t\t\t\t\t\t\t<div class=\"elementor-spacer\">\n\t\t\t<div class=\"elementor-spacer-inner\"><\/div>\n\t\t<\/div>\n\t\t\t\t\t\t<\/div>\n\t\t\t\t<\/div>\n\t\t\t\t<\/div>\n\t\t\t\t\t<\/div>\n\t\t\t\t<\/div>\n\t\t<div class=\"elementor-element elementor-element-56cab34 e-flex e-con-boxed e-con e-parent\" data-id=\"56cab34\" data-element_type=\"container\" data-e-type=\"container\">\n\t\t\t\t\t<div class=\"e-con-inner\">\n\t\t\t\t<div class=\"elementor-element elementor-element-fc74996 elementor-widget elementor-widget-heading\" data-id=\"fc74996\" data-element_type=\"widget\" data-e-type=\"widget\" data-widget_type=\"heading.default\">\n\t\t\t\t<div class=\"elementor-widget-container\">\n\t\t\t\t\t<h2 class=\"elementor-heading-title elementor-size-default\">Sostenibilidad:<\/h2>\t\t\t\t<\/div>\n\t\t\t\t<\/div>\n\t\t\t\t<div class=\"elementor-element elementor-element-7b158ba elementor-widget elementor-widget-text-editor\" data-id=\"7b158ba\" data-element_type=\"widget\" data-e-type=\"widget\" data-widget_type=\"text-editor.default\">\n\t\t\t\t<div class=\"elementor-widget-container\">\n\t\t\t\t\t\t\t\t\t<p>En PRIORDEI entendemos que la sostenibilidad no es una opci\u00f3n, sino un compromiso inherente a nuestra manera de trabajar y vivir el territorio. Nuestro proyecto nace del respeto profundo por la tierra y por el legado que hemos recibido; por eso apostamos por pr\u00e1cticas agr\u00edcolas sostenibles, la preservaci\u00f3n del paisaje y el impulso de un modelo econ\u00f3mico que contribuya al bienestar. La sostenibilidad en PRIORDEI es una visi\u00f3n integral que incluye el cuidado del medio ambiente, el desarrollo social del entorno y la valorizaci\u00f3n del producto local como motor de un crecimiento equilibrado y respetuoso.  <\/p><p>Nuestro proyecto oleotur\u00edstico est\u00e1 acreditado por la Carta Europea de Turismo Sostenible (CETS), reforzando nuestro compromiso con un modelo tur\u00edstico responsable que pone en valor el paisaje y la cultura local sin comprometer su futuro.<\/p><p>Nuestro Espacio PRIORDEI est\u00e1 tambi\u00e9n reconocido dentro de la Reserva de la Biosfera Terres de l\u2019Ebre, un entorno de alto valor ecol\u00f3gico y cultural que refleja nuestra apuesta y compromiso firme con la conservaci\u00f3n del medio natural. En este espacio, adem\u00e1s, hemos integrado flora aut\u00f3ctona y mediterr\u00e1nea como vi\u00f1as, higueras, espliego, que act\u00faan como vivero natural de mariposas, y diversas hierbas arom\u00e1ticas propias del territorio, creando un paisaje vivo que potencia la biodiversidad y conecta al visitante con la esencia del Mediterr\u00e1neo. Todo el dise\u00f1o y la construcci\u00f3n del espacio han sido pensados desde un enfoque integracionista, buscando la m\u00e1xima armon\u00eda con el entorno y el paisaje tradicional del olivar, sin alterar la esencia natural ni cultural del territorio que nos rodea.  <\/p>\t\t\t\t\t\t\t\t<\/div>\n\t\t\t\t<\/div>\n\t\t<div class=\"elementor-element elementor-element-5eb6423 e-con-full e-flex e-con e-child\" data-id=\"5eb6423\" data-element_type=\"container\" data-e-type=\"container\">\n\t\t\t\t<div class=\"elementor-element elementor-element-2facb94 elementor-widget elementor-widget-image\" data-id=\"2facb94\" data-element_type=\"widget\" data-e-type=\"widget\" data-widget_type=\"image.default\">\n\t\t\t\t<div class=\"elementor-widget-container\">\n\t\t\t\t\t\t\t\t\t\t\t\t\t\t\t<img decoding=\"async\" width=\"800\" height=\"369\" src=\"https:\/\/priordei.com\/wp-content\/uploads\/2025\/11\/9c86eef78703f7ee57eb562eabaa90d1fd49793e-1024x472.png\" class=\"attachment-large size-large wp-image-2007\" alt=\"\" srcset=\"https:\/\/priordei.com\/wp-content\/uploads\/2025\/11\/9c86eef78703f7ee57eb562eabaa90d1fd49793e-1024x472.png 1024w, https:\/\/priordei.com\/wp-content\/uploads\/2025\/11\/9c86eef78703f7ee57eb562eabaa90d1fd49793e-300x138.png 300w, https:\/\/priordei.com\/wp-content\/uploads\/2025\/11\/9c86eef78703f7ee57eb562eabaa90d1fd49793e-768x354.png 768w, https:\/\/priordei.com\/wp-content\/uploads\/2025\/11\/9c86eef78703f7ee57eb562eabaa90d1fd49793e-180x83.png 180w, https:\/\/priordei.com\/wp-content\/uploads\/2025\/11\/9c86eef78703f7ee57eb562eabaa90d1fd49793e-360x166.png 360w, https:\/\/priordei.com\/wp-content\/uploads\/2025\/11\/9c86eef78703f7ee57eb562eabaa90d1fd49793e-640x295.png 640w, https:\/\/priordei.com\/wp-content\/uploads\/2025\/11\/9c86eef78703f7ee57eb562eabaa90d1fd49793e-600x276.png 600w, https:\/\/priordei.com\/wp-content\/uploads\/2025\/11\/9c86eef78703f7ee57eb562eabaa90d1fd49793e.png 1257w\" sizes=\"(max-width: 800px) 100vw, 800px\" \/>\t\t\t\t\t\t\t\t\t\t\t\t\t\t\t<\/div>\n\t\t\t\t<\/div>\n\t\t\t\t<div class=\"elementor-element elementor-element-f78c0f6 elementor-widget__width-initial elementor-widget-mobile__width-initial elementor-widget elementor-widget-image\" data-id=\"f78c0f6\" data-element_type=\"widget\" data-e-type=\"widget\" data-widget_type=\"image.default\">\n\t\t\t\t<div class=\"elementor-widget-container\">\n\t\t\t\t\t\t\t\t\t\t\t\t\t\t\t<img loading=\"lazy\" decoding=\"async\" width=\"800\" height=\"800\" src=\"https:\/\/priordei.com\/wp-content\/uploads\/2025\/11\/fff7a3d33066405f27e8ceac4cf4b2aa9c29d6dd.png\" class=\"attachment-large size-large wp-image-2008\" alt=\"\" srcset=\"https:\/\/priordei.com\/wp-content\/uploads\/2025\/11\/fff7a3d33066405f27e8ceac4cf4b2aa9c29d6dd.png 945w, https:\/\/priordei.com\/wp-content\/uploads\/2025\/11\/fff7a3d33066405f27e8ceac4cf4b2aa9c29d6dd-300x300.png 300w, https:\/\/priordei.com\/wp-content\/uploads\/2025\/11\/fff7a3d33066405f27e8ceac4cf4b2aa9c29d6dd-150x150.png 150w, https:\/\/priordei.com\/wp-content\/uploads\/2025\/11\/fff7a3d33066405f27e8ceac4cf4b2aa9c29d6dd-768x768.png 768w, https:\/\/priordei.com\/wp-content\/uploads\/2025\/11\/fff7a3d33066405f27e8ceac4cf4b2aa9c29d6dd-180x180.png 180w, https:\/\/priordei.com\/wp-content\/uploads\/2025\/11\/fff7a3d33066405f27e8ceac4cf4b2aa9c29d6dd-360x360.png 360w, https:\/\/priordei.com\/wp-content\/uploads\/2025\/11\/fff7a3d33066405f27e8ceac4cf4b2aa9c29d6dd-640x640.png 640w, https:\/\/priordei.com\/wp-content\/uploads\/2025\/11\/fff7a3d33066405f27e8ceac4cf4b2aa9c29d6dd-600x600.png 600w, https:\/\/priordei.com\/wp-content\/uploads\/2025\/11\/fff7a3d33066405f27e8ceac4cf4b2aa9c29d6dd-100x100.png 100w, https:\/\/priordei.com\/wp-content\/uploads\/2025\/11\/fff7a3d33066405f27e8ceac4cf4b2aa9c29d6dd-50x50.png 50w\" sizes=\"(max-width: 800px) 100vw, 800px\" \/>\t\t\t\t\t\t\t\t\t\t\t\t\t\t\t<\/div>\n\t\t\t\t<\/div>\n\t\t\t\t<\/div>\n\t\t\t\t\t<\/div>\n\t\t\t\t<\/div>\n\t\t\t\t<\/div>\n\t\t","protected":false},"excerpt":{"rendered":"<p>Ad\u00e9ntrese en un viaje exclusivo a trav\u00e9s de los sentidos y sabores \u00fanicos. Cata de aceite Priordei realizar una cata Desayuno mediterr\u00e1neo + Cata de aceite Priordei viva la experiencia Descubra el alma de nuestra tierra \u2013 Espacio Priordei: En el Espacio PRIORDEI, el aceite de oliva virgen extra no es solo un producto, sino [&hellip;]<\/p>\n","protected":false},"author":3,"featured_media":0,"parent":0,"menu_order":0,"comment_status":"closed","ping_status":"closed","template":"","meta":{"_acf_changed":false,"inline_featured_image":false,"footnotes":""},"class_list":["post-2003","page","type-page","status-publish","hentry"],"acf":[],"yoast_head":"<!-- This site is optimized with the Yoast SEO plugin v27.5 - https:\/\/yoast.com\/product\/yoast-seo-wordpress\/ -->\n<title>\u25b7Espacio Priordei - \u3010 PRIORDEI \u3011<\/title>\n<meta name=\"description\" content=\"Ad\u00e9ntrese en un viaje exclusivo a trav\u00e9s de los sentidos y sabores \u00fanicos. Cata de aceite Priordei realizar una cata Desayuno mediterr\u00e1neo + Cata de \u2713\" \/>\n<meta name=\"robots\" content=\"index, follow, max-snippet:-1, max-image-preview:large, max-video-preview:-1\" \/>\n<link rel=\"canonical\" href=\"https:\/\/priordei.com\/es\/espacio-priordei\/\" \/>\n<meta property=\"og:locale\" content=\"es_ES\" \/>\n<meta property=\"og:type\" content=\"article\" \/>\n<meta property=\"og:title\" content=\"\u25b7Espacio Priordei - \u3010 PRIORDEI \u3011\" \/>\n<meta property=\"og:description\" content=\"Ad\u00e9ntrese en un viaje exclusivo a trav\u00e9s de los sentidos y sabores \u00fanicos. Cata de aceite Priordei realizar una cata Desayuno mediterr\u00e1neo + Cata de \u2713\" \/>\n<meta property=\"og:url\" content=\"https:\/\/priordei.com\/es\/espacio-priordei\/\" \/>\n<meta property=\"og:site_name\" content=\"PRIORDEI\" \/>\n<meta property=\"article:modified_time\" content=\"2025-11-20T07:27:42+00:00\" \/>\n<meta property=\"og:image\" content=\"https:\/\/priordei.com\/wp-content\/uploads\/2025\/11\/e9bcbbd7ff1939b47513000e817de7e23fe543d6.jpg\" \/>\n\t<meta property=\"og:image:width\" content=\"1084\" \/>\n\t<meta property=\"og:image:height\" content=\"724\" \/>\n\t<meta property=\"og:image:type\" content=\"image\/jpeg\" \/>\n<meta name=\"twitter:card\" content=\"summary_large_image\" \/>\n<meta name=\"twitter:label1\" content=\"Tiempo de lectura\" \/>\n\t<meta name=\"twitter:data1\" content=\"3 minutos\" \/>\n<script type=\"application\/ld+json\" class=\"yoast-schema-graph\">{\"@context\":\"https:\\\/\\\/schema.org\",\"@graph\":[{\"@type\":\"WebPage\",\"@id\":\"https:\\\/\\\/priordei.com\\\/es\\\/espacio-priordei\\\/\",\"url\":\"https:\\\/\\\/priordei.com\\\/es\\\/espacio-priordei\\\/\",\"name\":\"\u25b7Espacio Priordei - \u3010 PRIORDEI \u3011\",\"isPartOf\":{\"@id\":\"https:\\\/\\\/priordei.com\\\/es\\\/#website\"},\"primaryImageOfPage\":{\"@id\":\"https:\\\/\\\/priordei.com\\\/es\\\/espacio-priordei\\\/#primaryimage\"},\"image\":{\"@id\":\"https:\\\/\\\/priordei.com\\\/es\\\/espacio-priordei\\\/#primaryimage\"},\"thumbnailUrl\":\"https:\\\/\\\/priordei.com\\\/wp-content\\\/uploads\\\/2025\\\/11\\\/e9bcbbd7ff1939b47513000e817de7e23fe543d6-1024x684.jpg\",\"datePublished\":\"2025-10-23T11:49:29+00:00\",\"dateModified\":\"2025-11-20T07:27:42+00:00\",\"description\":\"Ad\u00e9ntrese en un viaje exclusivo a trav\u00e9s de los sentidos y sabores \u00fanicos. Cata de aceite Priordei realizar una cata Desayuno mediterr\u00e1neo + Cata de \u2713\",\"breadcrumb\":{\"@id\":\"https:\\\/\\\/priordei.com\\\/es\\\/espacio-priordei\\\/#breadcrumb\"},\"inLanguage\":\"es\",\"potentialAction\":[{\"@type\":\"ReadAction\",\"target\":[\"https:\\\/\\\/priordei.com\\\/es\\\/espacio-priordei\\\/\"]}]},{\"@type\":\"ImageObject\",\"inLanguage\":\"es\",\"@id\":\"https:\\\/\\\/priordei.com\\\/es\\\/espacio-priordei\\\/#primaryimage\",\"url\":\"https:\\\/\\\/priordei.com\\\/wp-content\\\/uploads\\\/2025\\\/11\\\/e9bcbbd7ff1939b47513000e817de7e23fe543d6-1024x684.jpg\",\"contentUrl\":\"https:\\\/\\\/priordei.com\\\/wp-content\\\/uploads\\\/2025\\\/11\\\/e9bcbbd7ff1939b47513000e817de7e23fe543d6-1024x684.jpg\"},{\"@type\":\"BreadcrumbList\",\"@id\":\"https:\\\/\\\/priordei.com\\\/es\\\/espacio-priordei\\\/#breadcrumb\",\"itemListElement\":[{\"@type\":\"ListItem\",\"position\":1,\"name\":\"Portada\",\"item\":\"https:\\\/\\\/priordei.com\\\/es\\\/inicio\\\/\"},{\"@type\":\"ListItem\",\"position\":2,\"name\":\"Espacio Priordei\"}]},{\"@type\":\"WebSite\",\"@id\":\"https:\\\/\\\/priordei.com\\\/es\\\/#website\",\"url\":\"https:\\\/\\\/priordei.com\\\/es\\\/\",\"name\":\"PRIORDEI\",\"description\":\"Olis d&#039;oliva des de 1789\",\"publisher\":{\"@id\":\"https:\\\/\\\/priordei.com\\\/es\\\/#organization\"},\"potentialAction\":[{\"@type\":\"SearchAction\",\"target\":{\"@type\":\"EntryPoint\",\"urlTemplate\":\"https:\\\/\\\/priordei.com\\\/es\\\/?s={search_term_string}\"},\"query-input\":{\"@type\":\"PropertyValueSpecification\",\"valueRequired\":true,\"valueName\":\"search_term_string\"}}],\"inLanguage\":\"es\"},{\"@type\":\"Organization\",\"@id\":\"https:\\\/\\\/priordei.com\\\/es\\\/#organization\",\"name\":\"PRIORDEI\",\"url\":\"https:\\\/\\\/priordei.com\\\/es\\\/\",\"logo\":{\"@type\":\"ImageObject\",\"inLanguage\":\"es\",\"@id\":\"https:\\\/\\\/priordei.com\\\/es\\\/#\\\/schema\\\/logo\\\/image\\\/\",\"url\":\"https:\\\/\\\/priordei.com\\\/wp-content\\\/uploads\\\/2021\\\/10\\\/logo-priordei_blanco-1.png\",\"contentUrl\":\"https:\\\/\\\/priordei.com\\\/wp-content\\\/uploads\\\/2021\\\/10\\\/logo-priordei_blanco-1.png\",\"width\":181,\"height\":60,\"caption\":\"PRIORDEI\"},\"image\":{\"@id\":\"https:\\\/\\\/priordei.com\\\/es\\\/#\\\/schema\\\/logo\\\/image\\\/\"}}]}<\/script>\n<!-- \/ Yoast SEO plugin. -->","yoast_head_json":{"title":"\u25b7Espacio Priordei - \u3010 PRIORDEI \u3011","description":"Ad\u00e9ntrese en un viaje exclusivo a trav\u00e9s de los sentidos y sabores \u00fanicos. Cata de aceite Priordei realizar una cata Desayuno mediterr\u00e1neo + Cata de \u2713","robots":{"index":"index","follow":"follow","max-snippet":"max-snippet:-1","max-image-preview":"max-image-preview:large","max-video-preview":"max-video-preview:-1"},"canonical":"https:\/\/priordei.com\/es\/espacio-priordei\/","og_locale":"es_ES","og_type":"article","og_title":"\u25b7Espacio Priordei - \u3010 PRIORDEI \u3011","og_description":"Ad\u00e9ntrese en un viaje exclusivo a trav\u00e9s de los sentidos y sabores \u00fanicos. Cata de aceite Priordei realizar una cata Desayuno mediterr\u00e1neo + Cata de \u2713","og_url":"https:\/\/priordei.com\/es\/espacio-priordei\/","og_site_name":"PRIORDEI","article_modified_time":"2025-11-20T07:27:42+00:00","og_image":[{"width":1084,"height":724,"url":"https:\/\/priordei.com\/wp-content\/uploads\/2025\/11\/e9bcbbd7ff1939b47513000e817de7e23fe543d6.jpg","type":"image\/jpeg"}],"twitter_card":"summary_large_image","twitter_misc":{"Tiempo de lectura":"3 minutos"},"schema":{"@context":"https:\/\/schema.org","@graph":[{"@type":"WebPage","@id":"https:\/\/priordei.com\/es\/espacio-priordei\/","url":"https:\/\/priordei.com\/es\/espacio-priordei\/","name":"\u25b7Espacio Priordei - \u3010 PRIORDEI \u3011","isPartOf":{"@id":"https:\/\/priordei.com\/es\/#website"},"primaryImageOfPage":{"@id":"https:\/\/priordei.com\/es\/espacio-priordei\/#primaryimage"},"image":{"@id":"https:\/\/priordei.com\/es\/espacio-priordei\/#primaryimage"},"thumbnailUrl":"https:\/\/priordei.com\/wp-content\/uploads\/2025\/11\/e9bcbbd7ff1939b47513000e817de7e23fe543d6-1024x684.jpg","datePublished":"2025-10-23T11:49:29+00:00","dateModified":"2025-11-20T07:27:42+00:00","description":"Ad\u00e9ntrese en un viaje exclusivo a trav\u00e9s de los sentidos y sabores \u00fanicos. Cata de aceite Priordei realizar una cata Desayuno mediterr\u00e1neo + Cata de \u2713","breadcrumb":{"@id":"https:\/\/priordei.com\/es\/espacio-priordei\/#breadcrumb"},"inLanguage":"es","potentialAction":[{"@type":"ReadAction","target":["https:\/\/priordei.com\/es\/espacio-priordei\/"]}]},{"@type":"ImageObject","inLanguage":"es","@id":"https:\/\/priordei.com\/es\/espacio-priordei\/#primaryimage","url":"https:\/\/priordei.com\/wp-content\/uploads\/2025\/11\/e9bcbbd7ff1939b47513000e817de7e23fe543d6-1024x684.jpg","contentUrl":"https:\/\/priordei.com\/wp-content\/uploads\/2025\/11\/e9bcbbd7ff1939b47513000e817de7e23fe543d6-1024x684.jpg"},{"@type":"BreadcrumbList","@id":"https:\/\/priordei.com\/es\/espacio-priordei\/#breadcrumb","itemListElement":[{"@type":"ListItem","position":1,"name":"Portada","item":"https:\/\/priordei.com\/es\/inicio\/"},{"@type":"ListItem","position":2,"name":"Espacio Priordei"}]},{"@type":"WebSite","@id":"https:\/\/priordei.com\/es\/#website","url":"https:\/\/priordei.com\/es\/","name":"PRIORDEI","description":"Olis d&#039;oliva des de 1789","publisher":{"@id":"https:\/\/priordei.com\/es\/#organization"},"potentialAction":[{"@type":"SearchAction","target":{"@type":"EntryPoint","urlTemplate":"https:\/\/priordei.com\/es\/?s={search_term_string}"},"query-input":{"@type":"PropertyValueSpecification","valueRequired":true,"valueName":"search_term_string"}}],"inLanguage":"es"},{"@type":"Organization","@id":"https:\/\/priordei.com\/es\/#organization","name":"PRIORDEI","url":"https:\/\/priordei.com\/es\/","logo":{"@type":"ImageObject","inLanguage":"es","@id":"https:\/\/priordei.com\/es\/#\/schema\/logo\/image\/","url":"https:\/\/priordei.com\/wp-content\/uploads\/2021\/10\/logo-priordei_blanco-1.png","contentUrl":"https:\/\/priordei.com\/wp-content\/uploads\/2021\/10\/logo-priordei_blanco-1.png","width":181,"height":60,"caption":"PRIORDEI"},"image":{"@id":"https:\/\/priordei.com\/es\/#\/schema\/logo\/image\/"}}]}},"_links":{"self":[{"href":"https:\/\/priordei.com\/es\/wp-json\/wp\/v2\/pages\/2003","targetHints":{"allow":["GET"]}}],"collection":[{"href":"https:\/\/priordei.com\/es\/wp-json\/wp\/v2\/pages"}],"about":[{"href":"https:\/\/priordei.com\/es\/wp-json\/wp\/v2\/types\/page"}],"author":[{"embeddable":true,"href":"https:\/\/priordei.com\/es\/wp-json\/wp\/v2\/users\/3"}],"replies":[{"embeddable":true,"href":"https:\/\/priordei.com\/es\/wp-json\/wp\/v2\/comments?post=2003"}],"version-history":[{"count":1,"href":"https:\/\/priordei.com\/es\/wp-json\/wp\/v2\/pages\/2003\/revisions"}],"predecessor-version":[{"id":2009,"href":"https:\/\/priordei.com\/es\/wp-json\/wp\/v2\/pages\/2003\/revisions\/2009"}],"wp:attachment":[{"href":"https:\/\/priordei.com\/es\/wp-json\/wp\/v2\/media?parent=2003"}],"curies":[{"name":"wp","href":"https:\/\/api.w.org\/{rel}","templated":true}]}}